{"id":112,"date":"2011-10-06T08:47:02","date_gmt":"2011-10-06T08:47:02","guid":{"rendered":"http:\/\/www.valenciabass.com\/web2\/?page_id=112"},"modified":"2023-12-25T23:05:25","modified_gmt":"2023-12-25T22:05:25","slug":"palmares","status":"publish","type":"page","link":"https:\/\/www.valenciabass.com\/?page_id=112","title":{"rendered":"Palmar\u00e9s"},"content":{"rendered":"<p>Desde hace muchos a\u00f1os el Valencia Bass Club ha promovido entre sus socios la participaci\u00f3n en competiciones oficiales y opens como medio de darse a conocer. Como resultado son muchos nuestros socios los que han representado al club en estas competiciones con excelentes resultados. A continuaci\u00f3n te ofrecemos un resumen del palmar\u00e9s del club organizado por a\u00f1os:<\/p>\n<h4>A\u00f1o 2023<\/h4>\n<ul>\n<li>3\u00ba puesto mundial desde Embarcaci\u00f3n: Cisco Segarra y Cristian Casanoves<\/li>\n<li>Campeones auton\u00f3mico desde Embarcaci\u00f3n (zona cebra): Vicent Castellano y Adolfo Otero<\/li>\n<li>3\u00ba puesto auton\u00f3mico desde Embarcaci\u00f3n (zona no cebra): Cristian Piqueras<\/li>\n<\/ul>\n<h4>A\u00f1o 2022<\/h4>\n<ul>\n<li>Campeones auton\u00f3mico desde Orilla: Jos\u00e9 Vte. Garc\u00eda<\/li>\n<li>Subcampeones auton\u00f3mico auton\u00f3mico desde Embarcaci\u00f3n: Cisco Segarra y Cristian Casanoves<\/li>\n<li>5\u00ba puesto auton\u00f3mico desde Embarcaci\u00f3n: Vicent Castellano y Jos\u00e9 Vte. Garc\u00eda<\/li>\n<\/ul>\n<h4>A\u00f1o 2021<\/h4>\n<ul>\n<li>3\u00ba puesto auton\u00f3mico auton\u00f3mico desde Embarcaci\u00f3n: Cisco Segarra y Cristian Casanoves<\/li>\n<li>5\u00ba puesto auton\u00f3mico auton\u00f3mico desde Embarcaci\u00f3n: Alejandro Fabra<\/li>\n<\/ul>\n<h4>A\u00f1o 2019<\/h4>\n<ul>\n<li>3\u00ba puesto auton\u00f3mico desde Embarcaci\u00f3n: Vicent Castellano y David Garc\u00eda<\/li>\n<li>4\u00ba puesto auton\u00f3mico desde Embarcaci\u00f3n: Cristian Casanoves y Cisco Segarra<\/li>\n<li>5\u00ba puesto auton\u00f3mico desde Embarcaci\u00f3n: Jorge Civera y Javier S\u00e1nchez<\/li>\n<\/ul>\n<h4>A\u00f1o 2018<\/h4>\n<ul>\n<li>8\u00ba puesto Campeonato de Espa\u00f1a desde Embarcaci\u00f3n: Javier Villanueva y Cristian Piqueras<\/li>\n<li>Campeones auton\u00f3mico desde Embarcaci\u00f3n: Jorge Civera y Miguel Franco<\/li>\n<li>Subcampeones auton\u00f3mico desde Embarcaci\u00f3n: Vicent Castellano y David Garc\u00eda<\/li>\n<li>5\u00ba puesto auton\u00f3mico desde Embarcaci\u00f3n: Javier Villanueva y Cristian Piqueras<\/li>\n<li>5\u00ba puesto auton\u00f3mico desde Orilla: Sebasti\u00e1n Lliso<\/li>\n<li>3\u00ba puesto I Trofeo Westin Interclubes BM-VBC: Jorge Civera y Javier S\u00e1nchez Jim\u00e9nez<\/li>\n<li>1\u00ba puesto II Trofeo Westin Interclubes BM-VBC: Vicent Castellano y Jose Vicente Garc\u00eda<\/li>\n<li>2\u00ba puesto II Trofeo Westin Interclubes BM-VBC: Jose Luis S\u00e1nchez y Ricardo Montoya<\/li>\n<li>8\u00ba puesto Open de Lucio: Jorge Civera y Miguel Franco<\/li>\n<\/ul>\n<h4>A\u00f1o 2017<\/h4>\n<ul>\n<li>Subcampeones de Espa\u00f1a por Equipos desde Embarcaci\u00f3n: Cristian Casanoves, Cisco Segarra, Vicent Castellano y David Garc\u00eda<\/li>\n<li>3\u00ba puesto Campeonato de Espa\u00f1a por Equipos desde Orilla: Jos\u00e9 Vicente Garc\u00eda<\/li>\n<\/ul>\n<h4>A\u00f1o 2015<\/h4>\n<ul>\n<li>Campeones de Espa\u00f1a desde Embarcaci\u00f3n: Cristian Casanoves y Cisco Segarra<\/li>\n<li>Campeones de Espa\u00f1a por Equipos desde Embarcaci\u00f3n: Jos\u00e9 M\u00aa L\u00f3pez, Javier S\u00e1nchez Gonz\u00e1lez, Cristian Casanoves, Cisco Segarra, Francisco Arroyo y Vicente Gargallo<\/li>\n<li>4\u00ba puesto Campeonato de Espa\u00f1a desde Embarcaci\u00f3n: Jos\u00e9 M\u00aa L\u00f3pez y Javier S\u00e1nchez Gonz\u00e1lez<\/li>\n<li>3\u00ba puesto Campeonato de Espa\u00f1a desde Pato: Juan Miguel Romeu Bartual<\/li>\n<li>Campeones auton\u00f3mico desde Embarcaci\u00f3n: Jos\u00e9 M\u00aa L\u00f3pez y Javier S\u00e1nchez Gonz\u00e1lez<\/li>\n<li>3\u00ba puesto auton\u00f3mico desde Embarcaci\u00f3n: Cristian Casanoves y Cisco Segarra<\/li>\n<li>4\u00ba puesto auton\u00f3mico desde Embarcaci\u00f3n: Cristian Piqueras y Jorge Navarro<\/li>\n<li>Subcampeones del XXIII Encuentro Internacional Caspe Bass: Francisco Arroyo y Jos\u00e9 Pardo<\/li>\n<\/ul>\n<h4>A\u00f1o 2014<\/h4>\n<ul>\n<li>Subcampe\u00f3n de Espa\u00f1a individual desde orilla: Jose Mazaira Balboa<\/li>\n<li>Campeones de Espa\u00f1a por equipos desde orilla: Jose Mazaira Balboa<\/li>\n<li>Subcampeones de Espa\u00f1a por equipos desde pato: Jose Miguel Romeu Bartual<\/li>\n<li>Subcampeones de Espa\u00f1a por Equipos desde Embarcaci\u00f3n: Jos\u00e9 M\u00aa L\u00f3pez, Javier S\u00e1nchez Gonz\u00e1lez, Jorge Civera, Miguel Franco, Miguel Garc\u00eda y Paco Revert<\/li>\n<li>Campeones auton\u00f3mico desde Embarcaci\u00f3n: Jos\u00e9 M\u00aa L\u00f3pez y Javier S\u00e1nchez Gonz\u00e1lez<\/li>\n<li>Campe\u00f3n auton\u00f3mico desde Orilla: Jose Antonio Furino<\/li>\n<li>3\u00ba puesto auton\u00f3mico desde Orilla: Vicente Gargallo<\/li>\n<li>4\u00ba puesto auton\u00f3mico desde Orilla: Jose Furino<\/li>\n<li>4\u00ba puesto auton\u00f3mico desde Embarcaci\u00f3n: Cristian Casanoves y Cisco Segarra<\/li>\n<li>5\u00ba puesto auton\u00f3mico desde Embarcaci\u00f3n: Francisco Arroyo y Vicente Gargallo<\/li>\n<\/ul>\n<h4>A\u00f1o 2013<\/h4>\n<ul>\n<li>3\u00ba puesto en el Campeonato de Espa\u00f1a: Jos\u00e9 Pardo y Jos\u00e9 Jim\u00e9nez<\/li>\n<li>Subcampe\u00f3n de Espa\u00f1a por Equipos desde Embarcaci\u00f3n: Jos\u00e9 Pardo, Jos\u00e9 Jim\u00e9nez, Jos\u00e9 M\u00aa L\u00f3pez y Javier S\u00e1nchez Gonz\u00e1lez<\/li>\n<li>Campeones auton\u00f3mico desde Embarcaci\u00f3n: Jos\u00e9 M\u00aa L\u00f3pez y Javier S\u00e1nchez Gonz\u00e1lez<\/li>\n<li>Subcampeones auton\u00f3mico desde Embarcaci\u00f3n: Jorge Civera y Miguel Franco<\/li>\n<li>Subcampe\u00f3n de Espa\u00f1a por Equipos desde Orilla: Miguel Ferragut<\/li>\n<li>4\u00ba puesto auton\u00f3mico desde Orilla: Jos\u00e9 Antonio Mazaira<\/li>\n<li>3\u00ba puesto en Soner Euro Nitro Cup: Dar\u00edo Castillo y Cisco Segarra<\/li>\n<\/ul>\n<h4>A\u00f1o 2012<\/h4>\n<ul>\n<li>7\u00ba puesto en el Campeonato de Espa\u00f1a: Jos\u00e9 Pardo y Jos\u00e9 Jim\u00e9nez<\/li>\n<li>Campeones auton\u00f3mico desde Embarcaci\u00f3n: Alejandro Fabra y Francisco Figueres<\/li>\n<li>Subcampeones auton\u00f3mico desde Embarcaci\u00f3n: Jos\u00e9 Pardo y Jos\u00e9 Jim\u00e9nez<\/li>\n<li>Campe\u00f3n auton\u00f3mico desde Orilla: Miguel Jos\u00e9 Ferragut<\/li>\n<li>Subcampe\u00f3n auton\u00f3mico desde Orilla: Jos\u00e9 Vicente Garc\u00eda<\/li>\n<li>4\u00ba puesto auton\u00f3mico desde Embarcaci\u00f3n: Jos\u00e9 M\u00aa L\u00f3pez y Javier S\u00e1nchez Gonz\u00e1lez<\/li>\n<\/ul>\n<h4>A\u00f1o 2011<\/h4>\n<ul>\n<li>Campe\u00f3n de Espa\u00f1a desde Orilla: Vicente Gargallo<\/li>\n<li>Campe\u00f3n de Espa\u00f1a desde Pato: Jos\u00e9 Mazaira<\/li>\n<li>Campe\u00f3n auton\u00f3mico desde Orilla: Jos\u00e9 Vicente Garc\u00eda<\/li>\n<li>Subcampe\u00f3n auton\u00f3mico desde Orilla: Vicente Gargallo<\/li>\n<li>Campeones auton\u00f3mico desde Embarcaci\u00f3n: Alejandro Fabra y Francisco Figueres<\/li>\n<li>Subcampeones auton\u00f3mico desde Embarcaci\u00f3n: Jos\u00e9 Pardo y Jos\u00e9 Jim\u00e9nez<\/li>\n<li>4\u00ba puesto auton\u00f3mico desde Embarcaci\u00f3n: Jos\u00e9 M\u00aa L\u00f3pez y Javier S\u00e1nchez Gonz\u00e1lez<\/li>\n<li>6\u00ba puesto Encuentro Latino: Francisco Arroyo y Francisco Javier Segarra<\/li>\n<li>Trofeo Carl Davis (Ganador primera manga Caspe Bass): Javier Mateo<\/li>\n<\/ul>\n<h4>A\u00f1o 2010<\/h4>\n<ul>\n<li>3\u00ba puesto por equipos en Campeonato de Espa\u00f1a desde Orilla<\/li>\n<li>Campe\u00f3n auton\u00f3mico desde Orilla: Vicente Gargallo<\/li>\n<li>Campeones auton\u00f3mico desde Embarcaci\u00f3n: Jos\u00e9 M\u00aa L\u00f3pez y Javier S\u00e1nchez Gonz\u00e1lez<\/li>\n<\/ul>\n<h4>A\u00f1o 2009<\/h4>\n<ul>\n<li>Bronce por equipos en el Campeonato del Mundo celebrado en Monterrey (M\u00e9xico), en el embalse del Cuchillo, Joan Arnal, Josep M\u00aa Pons, Daniel Mart\u00ednez y Jos\u00e9 Jim\u00e9nez.<\/li>\n<li>Campe\u00f3n auton\u00f3mico desde Orilla: Vicente Gargallo<\/li>\n<li>Subcampe\u00f3n auton\u00f3mico desde Orilla: Jos\u00e9 Vicente Garc\u00eda<\/li>\n<li>Campeones auton\u00f3mico desde Embarcaci\u00f3n: Alejandro Fabra y Francisco Figueres<\/li>\n<li>Subcampeones auton\u00f3mico desde Embarcaci\u00f3n: Jorge Civera y Bernardo Zarate<\/li>\n<li>Pieza mayor Encuentro Latino: Alejandro Fabra<\/li>\n<\/ul>\n<h4>A\u00f1o 2008<\/h4>\n<ul>\n<li>Campeones de Espa\u00f1a en la liga de Clubs celebrada en el embalse de Fay\u00f3n: Joan Arnal, Josep M\u00aa Pons, Daniel Mart\u00ednez y Jos\u00e9 Jim\u00e9nez.<\/li>\n<li>Campeona de Espa\u00f1a desde Orilla: Bianca Millet<\/li>\n<li>Subcampe\u00f3n de Espa\u00f1a desde Orilla: Jos\u00e9 Vicente Garc\u00eda<\/li>\n<li>Campeones de Espa\u00f1a por equipos: Bianca Millet, Jos\u00e9 Vicente Garc\u00eda y Pascual Monferrer<\/li>\n<li>Campe\u00f3n auton\u00f3mico desde Orilla: Miguel Ferragut<\/li>\n<li>Campeones auton\u00f3micos desde Embarcaci\u00f3n: Joan Arnal y Josep Maria Pons<\/li>\n<li>3\u00ba puesto auton\u00f3mico desde Embarcaci\u00f3n: Alejandro Fabra y Seraf\u00edn Mendoza<\/li>\n<\/ul>\n<h4>A\u00f1o 2007<\/h4>\n<ul>\n<li>Campeones auton\u00f3micos desde Embarcaci\u00f3n: Daniel Mart\u00ednez y Jos\u00e9 Jim\u00e9nez.<\/li>\n<li>Campe\u00f3n de Espa\u00f1a desde Orilla: Jose Vicente Garc\u00eda<\/li>\n<li>Campe\u00f3n auton\u00f3mico desde Orilla: Jose Vicente Garc\u00eda<\/li>\n<li>Subcampe\u00f3n auton\u00f3mico desde Orilla: Pascual Monferrer<\/li>\n<li>3\u00ba puesto auton\u00f3mico desde Orilla: Bianca Millet<\/li>\n<li>3\u00ba puesto por equipos en Campeonato de Espa\u00f1a desde Orilla: Alina Dimitrova, Jos\u00e9 Vicente Garc\u00eda, Pablo Ramos, Javier Mateo, Jos\u00e9 Solbes<\/li>\n<li>6\u00ba Puesto Caspe Bass: Jose Pedro Abad Mart\u00ednez y Rafael de las Heras Rosello<\/li>\n<li>3\u00aa Pieza Mayor Caspe Bass: Rafael de las Heras Rosello<\/li>\n<\/ul>\n<h4>A\u00f1o 2006<\/h4>\n<ul>\n<li>Campe\u00f3n auton\u00f3mico desde Orilla: Jose Vicente Garc\u00eda<\/li>\n<li>Subcampe\u00f3n auton\u00f3mico desde Orilla: Jos\u00e9 Solbes<\/li>\n<li>3\u00ba puesto auton\u00f3mico desde Orilla: Javier Mateo<\/li>\n<\/ul>\n<h4>A\u00f1o 2005<\/h4>\n<ul>\n<li>Subcampeones auton\u00f3mico desde Embarcaci\u00f3n: Jose Pedro Abad Mart\u00ednez y Rafael de las Heras Rosello<\/li>\n<li>Campe\u00f3n de Espa\u00f1a desde Orilla: Jose Vicente Garc\u00eda<\/li>\n<li>Campe\u00f3n auton\u00f3mico desde Orilla: Jose Vicente Garc\u00eda<\/li>\n<\/ul>\n<h4>A\u00f1o 2004<\/h4>\n<ul>\n<li>Campe\u00f3n auton\u00f3mico desde Orilla: Jose Vicente Garc\u00eda<\/li>\n<li>Campenes auton\u00f3mico desde Embarcaci\u00f3n:&nbsp;Francisco Llorens Roger y&nbsp;&nbsp;J.C. Madrigal<\/li>\n<li>Campe\u00f3n de Espa\u00f1a por Equipos desde Embarcaci\u00f3n:Vicente Mascarell, Ignacio Revert, Jos\u00e9 Jim\u00e9nez, Jose Carlos Olmos, Vicent Castellano, Daniel Martinez y Jose Peral<\/li>\n<\/ul>\n<h4>A\u00f1o 2003<\/h4>\n<ul>\n<li>Campeones del IV Open de Catalunya desde Embarcaci\u00f3n: Jos\u00e9 Peral y Ignacio Revert<\/li>\n<li>3\u00ba puesto por equipos en Campeonato de Espa\u00f1a desde Embarcaci\u00f3n 2003 : Vicente Mascarell y Jos\u00e9 Carlos Olmos<\/li>\n<li>Campeones auton\u00f3micos: Daniel Mart\u00ednez y Jos\u00e9 Jim\u00e9nez.<\/li>\n<li>Subcampeones auton\u00f3micos:Vicente Mascarell y Jose Carlos Olmos<\/li>\n<\/ul>\n<h4>A\u00f1o 2002<\/h4>\n<ul>\n<li>Campeones auton\u00f3micos:Vicente Mascarell y Jose Carlos Olmos<\/li>\n<li>3\u00ba puesto por equipos en Campeonato de Espa\u00f1a desde Embarcaci\u00f3n: Jos\u00e9 Donderis, Francisco Llorens, Juan Carlos Madrigal, David Monta\u00f1ana y Jos\u00e9 Pedro Abad<\/li>\n<\/ul>\n<h4>A\u00f1o 2001<\/h4>\n<ul>\n<li>Campeones de Espa\u00f1a desde Embarcaci\u00f3n por Equipos: Juan Leyton y Edgard Bauset<\/li>\n<li>Subcampeones del Encuentro Latino: Francisco Llorens y Juan Carlos Madrigal<\/li>\n<\/ul>\n<h4>A\u00f1o 2000<\/h4>\n<ul>\n<li>Campe\u00f3n auton\u00f3mico desde Orilla: Juan Jos\u00e9 Madrigal<\/li>\n<li>Subcampe\u00f3n auton\u00f3mico desde Orilla: Javier Mateo<\/li>\n<\/ul>\n<h4>A\u00f1o 1997<\/h4>\n<ul>\n<li>Campe\u00f3n auton\u00f3mico desde Orilla: Jos\u00e9 Andr\u00e9s Castell\u00f3 i Mart\u00ednez<\/li>\n<li>Subcampeones de Espa\u00f1a desde Embarcaci\u00f3n por Equipos:Vicente Mascarell y Jose Carlos Olmos<\/li>\n<\/ul>\n<h4>A\u00f1o 1996<\/h4>\n<ul>\n<li>Campe\u00f3n provincial Val\u00e8ncia desde Orilla: Jos\u00e9 Andr\u00e9s Castell\u00f3 i Mart\u00ednez<\/li>\n<li>Subcampeones auton\u00f3micos:Vicente Mascarell y Jose Carlos Olmos<\/li>\n<\/ul>\n","protected":false},"excerpt":{"rendered":"<p>Desde hace muchos a\u00f1os el Valencia Bass Club ha promovido entre sus socios la participaci\u00f3n en competiciones oficiales y opens como medio de darse a conocer. Como resultado son muchos nuestros socios los que han representado al club en estas <span class=\"excerpt-dots\">&hellip;<\/span> <a class=\"more-link\" href=\"https:\/\/www.valenciabass.com\/?page_id=112\"><span class=\"more-msg\">Sigue leyendo &rarr;<\/span><\/a><\/p>\n","protected":false},"author":2,"featured_media":0,"parent":0,"menu_order":0,"comment_status":"closed","ping_status":"closed","template":"","meta":{"_monsterinsights_skip_tracking":false,"_monsterinsights_sitenote_active":false,"_monsterinsights_sitenote_note":"","_monsterinsights_sitenote_category":0,"ngg_post_thumbnail":0,"footnotes":""},"class_list":["post-112","page","type-page","status-publish","hentry"],"_links":{"self":[{"href":"https:\/\/www.valenciabass.com\/index.php?rest_route=\/wp\/v2\/pages\/112","targetHints":{"allow":["GET"]}}],"collection":[{"href":"https:\/\/www.valenciabass.com\/index.php?rest_route=\/wp\/v2\/pages"}],"about":[{"href":"https:\/\/www.valenciabass.com\/index.php?rest_route=\/wp\/v2\/types\/page"}],"author":[{"embeddable":true,"href":"https:\/\/www.valenciabass.com\/index.php?rest_route=\/wp\/v2\/users\/2"}],"replies":[{"embeddable":true,"href":"https:\/\/www.valenciabass.com\/index.php?rest_route=%2Fwp%2Fv2%2Fcomments&post=112"}],"version-history":[{"count":51,"href":"https:\/\/www.valenciabass.com\/index.php?rest_route=\/wp\/v2\/pages\/112\/revisions"}],"predecessor-version":[{"id":13658,"href":"https:\/\/www.valenciabass.com\/index.php?rest_route=\/wp\/v2\/pages\/112\/revisions\/13658"}],"wp:attachment":[{"href":"https:\/\/www.valenciabass.com\/index.php?rest_route=%2Fwp%2Fv2%2Fmedia&parent=112"}],"curies":[{"name":"wp","href":"https:\/\/api.w.org\/{rel}","templated":true}]}}